{"id":57,"date":"2025-10-20T17:59:44","date_gmt":"2025-10-20T17:59:44","guid":{"rendered":"https:\/\/lebensraum-oberlaa.at\/?page_id=57"},"modified":"2025-10-21T06:29:41","modified_gmt":"2025-10-21T06:29:41","slug":"am-kurpark","status":"publish","type":"page","link":"https:\/\/lebensraum-oberlaa.at\/index.php\/am-kurpark\/","title":{"rendered":"Am Kurpark"},"content":{"rendered":"\t\t<div data-elementor-type=\"wp-page\" data-elementor-id=\"57\" class=\"elementor elementor-57\">\n\t\t\t\t<div class=\"elementor-element elementor-element-d629f7e animated-slow e-flex e-con-boxed elementor-invisible e-con e-parent\" data-id=\"d629f7e\" data-element_type=\"container\" data-e-type=\"container\" data-settings=\"{&quot;animation&quot;:&quot;slideInUp&quot;,&quot;animation_delay&quot;:200}\">\n\t\t\t\t\t<div class=\"e-con-inner\">\n\t\t\t\t<div class=\"elementor-element elementor-element-5195d3f elementor-widget elementor-widget-text-editor\" data-id=\"5195d3f\" data-element_type=\"widget\" data-e-type=\"widget\" data-widget_type=\"text-editor.default\">\n\t\t\t\t\t\t\t\t\t<h5>Kurpark Oberlaa<\/h5><p>Wir wollen am S\u00fcdeingang des Kurparks wieder seiner urspr\u00fcnglichen Widmung zur\u00fcckzuf\u00fchren. Zur Therme passen Gesundheitseinrichtungen, sowie ein Reha- oder \u00c4rztezentrum.<\/p><p>Der Platz vor der Therme Wien k\u00f6nnte mit netten Restaurants, kleinen Gesch\u00e4ften, einem Sommerkino aufgewertet werden. Eltern k\u00f6nnten mit Ihren Kindern einen Abenteuerspielplatz besuchen, im Gastgarten etwas trinken und ihren Liebsten beim Spielen zusehen. Im Winter w\u00fcrde sich der Platz perfekt f\u00fcr eine &#8222;Eislaufwelt Oberlaa&#8220; eignen, die sowohl unsere J\u00fcngsten und Junggebliebenen nutzen k\u00f6nnten.<\/p>\t\t\t\t\t\t\t\t<\/div>\n\t\t\t\t\t<\/div>\n\t\t\t\t<\/div>\n\t\t<div class=\"elementor-element elementor-element-8b0976c animated-slow e-flex e-con-boxed elementor-invisible e-con e-parent\" data-id=\"8b0976c\" data-element_type=\"container\" data-e-type=\"container\" data-settings=\"{&quot;animation&quot;:&quot;slideInUp&quot;,&quot;animation_delay&quot;:400}\">\n\t\t\t\t\t<div class=\"e-con-inner\">\n\t\t<div class=\"elementor-element elementor-element-18b6275 e-con-full e-flex e-con e-child\" data-id=\"18b6275\" data-element_type=\"container\" data-e-type=\"container\">\n\t\t\t\t<div class=\"elementor-element elementor-element-3893efa elementor-widget elementor-widget-text-editor\" data-id=\"3893efa\" data-element_type=\"widget\" data-e-type=\"widget\" data-widget_type=\"text-editor.default\">\n\t\t\t\t\t\t\t\t\t<p><img fetchpriority=\"high\" decoding=\"async\" class=\"alignnone wp-image-216 size-medium\" src=\"https:\/\/lebensraum-oberlaa.at\/wp-content\/uploads\/2025\/10\/rettet-oberla-kinderreha3-300x200.jpg\" alt=\"\" width=\"300\" height=\"200\" \/><\/p><p>Unsere Idee: &#8222;Gesundheitsregion Oberlaa- S\u00fcd Wien&#8220; \ud83e\udd38\u200dEine Kinder- und Jugendreha am Kurpark. Laut Bedarfserhebung werden rund 5000 Pl\u00e4tze ben\u00f6tigt und in der Versorgungsregion Ost gibt eine einzige Reha-Klinik f\u00fcr Kinder. \u26bd\ufe0f\ud83e\udd38\u200d<\/p>\t\t\t\t\t\t\t\t<\/div>\n\t\t\t\t<\/div>\n\t\t<div class=\"elementor-element elementor-element-59e031f e-con-full e-flex e-con e-child\" data-id=\"59e031f\" data-element_type=\"container\" data-e-type=\"container\">\n\t\t\t\t<div class=\"elementor-element elementor-element-344b417 elementor-widget elementor-widget-text-editor\" data-id=\"344b417\" data-element_type=\"widget\" data-e-type=\"widget\" data-widget_type=\"text-editor.default\">\n\t\t\t\t\t\t\t\t\t<p><img decoding=\"async\" class=\"alignnone wp-image-217 size-full\" src=\"https:\/\/lebensraum-oberlaa.at\/wp-content\/uploads\/2025\/10\/rettet-oberlaa-pavillon.jpg\" alt=\"\" width=\"848\" height=\"400\" srcset=\"https:\/\/lebensraum-oberlaa.at\/wp-content\/uploads\/2025\/10\/rettet-oberlaa-pavillon.jpg 848w, https:\/\/lebensraum-oberlaa.at\/wp-content\/uploads\/2025\/10\/rettet-oberlaa-pavillon-300x142.jpg 300w, https:\/\/lebensraum-oberlaa.at\/wp-content\/uploads\/2025\/10\/rettet-oberlaa-pavillon-768x362.jpg 768w\" sizes=\"(max-width: 848px) 100vw, 848px\" \/><\/p><p>Die teilweise noch als Parklandschaft gewidmeten Gr\u00fcnfl\u00e4chen w\u00fcrde sich sehr gut als Festwiese f\u00fcr Konzerte oder verschiedene Events f\u00fcr Familien eignen. Wie auch ein Pavillon f\u00fcr die verschiedensten Veranstaltungen.<\/p>\t\t\t\t\t\t\t\t<\/div>\n\t\t\t\t<\/div>\n\t\t<div class=\"elementor-element elementor-element-d4b6a22 e-con-full e-flex e-con e-child\" data-id=\"d4b6a22\" data-element_type=\"container\" data-e-type=\"container\">\n\t\t\t\t<div class=\"elementor-element elementor-element-ed085cf elementor-widget elementor-widget-text-editor\" data-id=\"ed085cf\" data-element_type=\"widget\" data-e-type=\"widget\" data-widget_type=\"text-editor.default\">\n\t\t\t\t\t\t\t\t\t<p><img decoding=\"async\" class=\"alignnone size-medium wp-image-222\" src=\"https:\/\/lebensraum-oberlaa.at\/wp-content\/uploads\/2025\/10\/rettet-oberlaa-kino-300x200.jpeg\" alt=\"\" width=\"300\" height=\"200\" srcset=\"https:\/\/lebensraum-oberlaa.at\/wp-content\/uploads\/2025\/10\/rettet-oberlaa-kino-300x200.jpeg 300w, https:\/\/lebensraum-oberlaa.at\/wp-content\/uploads\/2025\/10\/rettet-oberlaa-kino-1024x683.jpeg 1024w, https:\/\/lebensraum-oberlaa.at\/wp-content\/uploads\/2025\/10\/rettet-oberlaa-kino-768x512.jpeg 768w, https:\/\/lebensraum-oberlaa.at\/wp-content\/uploads\/2025\/10\/rettet-oberlaa-kino.jpeg 1200w\" sizes=\"(max-width: 300px) 100vw, 300px\" \/><\/p><p>Ein Sommerkino f\u00fcr Jung und alt &#8211; ein geeigneter Treffpunkt f\u00fcr alle Anwohner im S\u00fcden Wiens.<\/p>\t\t\t\t\t\t\t\t<\/div>\n\t\t\t\t<\/div>\n\t\t<div class=\"elementor-element elementor-element-7a33430 e-con-full e-flex e-con e-child\" data-id=\"7a33430\" data-element_type=\"container\" data-e-type=\"container\">\n\t\t\t\t<div class=\"elementor-element elementor-element-579a1d4 elementor-widget elementor-widget-text-editor\" data-id=\"579a1d4\" data-element_type=\"widget\" data-e-type=\"widget\" data-widget_type=\"text-editor.default\">\n\t\t\t\t\t\t\t\t\t<p><img loading=\"lazy\" decoding=\"async\" class=\"alignnone size-medium wp-image-223\" src=\"https:\/\/lebensraum-oberlaa.at\/wp-content\/uploads\/2025\/10\/rettet-oberlaa-eislauplatz-300x200.jpg\" alt=\"\" width=\"300\" height=\"200\" srcset=\"https:\/\/lebensraum-oberlaa.at\/wp-content\/uploads\/2025\/10\/rettet-oberlaa-eislauplatz-300x200.jpg 300w, https:\/\/lebensraum-oberlaa.at\/wp-content\/uploads\/2025\/10\/rettet-oberlaa-eislauplatz-1024x684.jpg 1024w, https:\/\/lebensraum-oberlaa.at\/wp-content\/uploads\/2025\/10\/rettet-oberlaa-eislauplatz-768x513.jpg 768w, https:\/\/lebensraum-oberlaa.at\/wp-content\/uploads\/2025\/10\/rettet-oberlaa-eislauplatz-1536x1026.jpg 1536w, https:\/\/lebensraum-oberlaa.at\/wp-content\/uploads\/2025\/10\/rettet-oberlaa-eislauplatz.jpg 1920w\" sizes=\"(max-width: 300px) 100vw, 300px\" \/><\/p><p>F\u00fcr die Sportlichen und jene, die es noch werden m\u00f6chten k\u00f6nnte im Winter eine Eislauffl\u00e4che installiert werden.<\/p>\t\t\t\t\t\t\t\t<\/div>\n\t\t\t\t<\/div>\n\t\t\t\t\t<\/div>\n\t\t\t\t<\/div>\n\t\t\t\t<\/div>\n\t\t","protected":false},"excerpt":{"rendered":"<p>Kurpark Oberlaa Wir wollen am S\u00fcdeingang des Kurparks wieder seiner urspr\u00fcnglichen Widmung zur\u00fcckzuf\u00fchren. Zur Therme passen Gesundheitseinrichtungen, sowie ein Reha- oder \u00c4rztezentrum. Der Platz vor der Therme Wien k\u00f6nnte mit netten Restaurants, kleinen Gesch\u00e4ften, einem Sommerkino aufgewertet werden. Eltern k\u00f6nnten mit Ihren Kindern einen Abenteuerspielplatz besuchen, im Gastgarten etwas trinken und ihren Liebsten beim Spielen [&hellip;]<\/p>\n","protected":false},"author":1,"featured_media":0,"parent":0,"menu_order":0,"comment_status":"closed","ping_status":"closed","template":"","meta":{"footnotes":""},"class_list":["post-57","page","type-page","status-publish","hentry"],"blocksy_meta":[],"_links":{"self":[{"href":"https:\/\/lebensraum-oberlaa.at\/index.php\/wp-json\/wp\/v2\/pages\/57","targetHints":{"allow":["GET"]}}],"collection":[{"href":"https:\/\/lebensraum-oberlaa.at\/index.php\/wp-json\/wp\/v2\/pages"}],"about":[{"href":"https:\/\/lebensraum-oberlaa.at\/index.php\/wp-json\/wp\/v2\/types\/page"}],"author":[{"embeddable":true,"href":"https:\/\/lebensraum-oberlaa.at\/index.php\/wp-json\/wp\/v2\/users\/1"}],"replies":[{"embeddable":true,"href":"https:\/\/lebensraum-oberlaa.at\/index.php\/wp-json\/wp\/v2\/comments?post=57"}],"version-history":[{"count":25,"href":"https:\/\/lebensraum-oberlaa.at\/index.php\/wp-json\/wp\/v2\/pages\/57\/revisions"}],"predecessor-version":[{"id":275,"href":"https:\/\/lebensraum-oberlaa.at\/index.php\/wp-json\/wp\/v2\/pages\/57\/revisions\/275"}],"wp:attachment":[{"href":"https:\/\/lebensraum-oberlaa.at\/index.php\/wp-json\/wp\/v2\/media?parent=57"}],"curies":[{"name":"wp","href":"https:\/\/api.w.org\/{rel}","templated":true}]}}